{"id":491,"date":"2019-03-16T10:30:20","date_gmt":"2019-03-16T10:30:20","guid":{"rendered":"http:\/\/andreastheobald.com\/?post_type=tribe_events&#038;p=491"},"modified":"2019-03-29T22:47:20","modified_gmt":"2019-03-29T22:47:20","slug":"stadtgespraech-jazzbar-sessionopener","status":"publish","type":"tribe_events","link":"https:\/\/andreastheobald.com\/en\/tribe_events\/stadtgespraech-jazzbar-sessionopener","title":{"rendered":"\"Stadtgespr\u00e4ch\" - Jazzbar-Sessionopener"},"content":{"rendered":"<p>Einmal im Monat findet im Caf\u00e9 Unique, im Hauptgeb\u00e4ude der Universit\u00e4t Bonn, die so genannte &#8220;Jazzbar&#8221; statt. Nach dem Auftritt einer Sessionopener-Band sind alle Musikerinnen und Musiker eingeladen, sich auf ein musikalisches Rendezvous auf der offenen B\u00fchne einzulassen! Genauso sind alle Musikliebhaber willkommen in gem\u00fctlicher Atmosph\u00e4re diesem musikalischen Spektakel beizuwohnen. Der Opener wird abwechselnd von Oliver Pospiech, Thomas Heck und mir organisiert.<\/p>\n<p>Dieses Mal wird der Opener von der K\u00f6lner Band &#8220;Stadtgespr\u00e4ch&#8221; gespielt.<br \/>\nDas K\u00f6lner Ensemble Stadtgespr\u00e4ch besteht aus acht jungen Musikern, die teilweise in der Klassik, teilweise im Jazz verwurzelt sind. Die beiden unterschiedlichen Pole, ein klassisches Streichquartett und ein Jazzquartett, sind k\u00fcnstlerische Herausforderung und Erkennungsmerkmal zugleich. Die Musik versucht diese Pole zu kombinieren, gegen\u00fcberzustellen und zu verschmelzen. Auf seiner musikalischen Reise erzeugt das Ensemble innovative und interessante Klangfarben und erz\u00e4hlt mit einer Mischung aus romantischer Komposition und groovigem Jazz seine ganz eigenen Geschichten. Dabei richtet sich die Musik nicht exklusiv an Jazz-Liebhaber, sondern an all diejenigen, die sich von abwechslungsreichen Grooves und spannungsreichen Harmonien mitrei\u00dfen lassen.Die Band ist Preistr\u00e4ger des Jazz-Stipendiums <i>jazz@undesigned2016<\/i> der Werner Richard \u2013 Dr. Carl D\u00f6rken Stiftung und ver\u00f6ffentlicht mit <i>Fluid<\/i> ihr erstes Album.<\/p>\n<p>Der Eintritt ist frei!<br \/>\nTrompete\/Fl\u00fcgelhorn\/Komposition &#8211; Pascal Hahn<\/p>\n<p>Violine &#8211; Johanna Hoppstock<\/p>\n<p>Violine &#8211; Johanna Risse<\/p>\n<p>Viola &#8211; Paulina Buss<\/p>\n<p>Cello &#8211; Katharina Pannes<\/p>\n<p>Piano &#8211; Andreas Theobald<\/p>\n<p>Bass &#8211; Malte Viebahn<\/p>\n<p>Schlagzeug &#8211; Lukas Sch\u00e4fer<\/p>\n<p>&nbsp;<\/p>\n<p>&nbsp;<\/p>\n","protected":false},"excerpt":{"rendered":"<p>Einmal im Monat findet im Caf\u00e9 Unique, im Hauptgeb\u00e4ude der Universit\u00e4t Bonn, die so genannte &#8220;Jazzbar&#8221; statt. Nach dem Auftritt einer Sessionopener-Band sind alle Musikerinnen und Musiker eingeladen, sich auf [&hellip;]<\/p>\n","protected":false},"author":1,"featured_media":515,"template":"","meta":{"_tribe_events_status":"","_tribe_events_status_reason":"","footnotes":""},"tags":[],"tribe_events_cat":[],"class_list":["post-491","tribe_events","type-tribe_events","status-publish","has-post-thumbnail","hentry"],"_links":{"self":[{"href":"https:\/\/andreastheobald.com\/en\/wp-json\/wp\/v2\/tribe_events\/491","targetHints":{"allow":["GET"]}}],"collection":[{"href":"https:\/\/andreastheobald.com\/en\/wp-json\/wp\/v2\/tribe_events"}],"about":[{"href":"https:\/\/andreastheobald.com\/en\/wp-json\/wp\/v2\/types\/tribe_events"}],"author":[{"embeddable":true,"href":"https:\/\/andreastheobald.com\/en\/wp-json\/wp\/v2\/users\/1"}],"version-history":[{"count":3,"href":"https:\/\/andreastheobald.com\/en\/wp-json\/wp\/v2\/tribe_events\/491\/revisions"}],"predecessor-version":[{"id":516,"href":"https:\/\/andreastheobald.com\/en\/wp-json\/wp\/v2\/tribe_events\/491\/revisions\/516"}],"wp:featuredmedia":[{"embeddable":true,"href":"https:\/\/andreastheobald.com\/en\/wp-json\/wp\/v2\/media\/515"}],"wp:attachment":[{"href":"https:\/\/andreastheobald.com\/en\/wp-json\/wp\/v2\/media?parent=491"}],"wp:term":[{"taxonomy":"post_tag","embeddable":true,"href":"https:\/\/andreastheobald.com\/en\/wp-json\/wp\/v2\/tags?post=491"},{"taxonomy":"tribe_events_cat","embeddable":true,"href":"https:\/\/andreastheobald.com\/en\/wp-json\/wp\/v2\/tribe_events_cat?post=491"}],"curies":[{"name":"wp","href":"https:\/\/api.w.org\/{rel}","templated":true}]}}