{"id":2446,"date":"2026-02-02T10:26:26","date_gmt":"2026-02-02T09:26:26","guid":{"rendered":"https:\/\/andreastheobald.com\/?post_type=tribe_events&#038;p=2446"},"modified":"2026-02-02T12:40:31","modified_gmt":"2026-02-02T11:40:31","slug":"koncerts-kora-laboratorija-vi-rigas-kamerkoris-ave-sol","status":"publish","type":"tribe_events","link":"https:\/\/andreastheobald.com\/en\/tribe_events\/koncerts-kora-laboratorija-vi-rigas-kamerkoris-ave-sol","title":{"rendered":"Koncerts \u201cKora laboratorija VI\u201d - R\u012bgas kamerkoris \u201cAve Sol\u201d"},"content":{"rendered":"<div class=\"xdj266r x14z9mp xat24cr x1lziwak x1vvkbs\">26. febru\u0101r\u012b plkst. 19.00 koncertz\u0101l\u0113 \u201cAve Sol\u201d izskan\u0113s jaun\u0101kais koncertcikla \u201cKora laboratorija\u201d koncerts, kur\u0101 pie profesion\u0101l\u0101 R\u012bgas kamerkora \u201cAve Sol\u201d diri\u0123enta pults jau atkal st\u0101sies jaunie talanti \u2013 J\u0101zepa V\u012btola Latvijas m\u016bzikas akad\u0113mijas (JVLMA) eso\u0161ie un ar\u012b absolv\u0113ju\u0161ie Andra Veisma\u0146a klases studenti.<\/div>\n<div class=\"xdj266r x14z9mp xat24cr x1lziwak x1vvkbs\"><br class=\"html-br\" \/>Se\u0161i jaunie un talant\u012bgie diri\u0123enti st\u0101sies pie diri\u0123enta pults ar kr\u0101\u0161\u0146u, modernu un laikmet\u012bgu koncertprogrammu, vadot R\u012bgas kamerkori \u201cAve Sol\u201d. Tie b\u016bs J\u0101nis Almanis-Palmbahs, Mat\u012bss Circenis, Kamila Sili\u0146a, Andreass Johanness Teobalds (Andreas Johannes Theobald), Kristaps Solovjovs un Laura Ozoli\u0146a.<\/div>\n<div><\/div>\n<div class=\"x14z9mp xat24cr x1lziwak x1vvkbs xtlvy1s\">Koncert\u0101 skan\u0113s maz\u0101k zin\u0101mas laikmet\u012bg\u0101s korm\u016bzikas p\u0113rles, latvie\u0161u tautasdziesmu apdares, skandin\u0101vu gar\u012bg\u0101s m\u016bzikas lirika, k\u0101 ar\u012b jauno komponistu pirmatska\u0146ojumi.<\/div>\n<div class=\"x14z9mp xat24cr x1lziwak x1vvkbs xtlvy1s\"><br class=\"html-br\" \/>Jaundarbus, \u012bpa\u0161i \u0161im koncertam, raksta Andreass Johanness Teobalds no \u0136elnes, kur\u0161 pats st\u0101sies kora priek\u0161\u0101, lai diri\u0123\u0113tu savu ska\u0146darbu \u201cScattered Pieces of Advice\u201d un \u201cL\u016bg\u0161ana\u201d pirmatska\u0146ojumus. Pirmatska\u0146ojumu Latvij\u0101 piedz\u012bvos ar\u012b Frederika Ginta Rutka kompoz\u012bcija \u201cRise, My Soul\u201d, kas ieguva skat\u012bt\u0101ju simp\u0101tiju balvu 4. Eduardas Balsys starptautiskaj\u0101 komponistu konkurs\u0101 Vi\u013c\u0146\u0101, Lietuv\u0101, kur t\u0101 piedz\u012bvoja savu pirmatska\u0146ojumu R\u012bgas kamerkora \u201cAve Sol\u201d izpild\u012bjum\u0101 Mat\u012bsa Circe\u0146a vad\u012bb\u0101.<\/div>\n<div class=\"x14z9mp xat24cr x1lziwak x1vvkbs xtlvy1s\"><br class=\"html-br\" \/>L\u012bdz\u0101s jaundarbiem skan\u0113s Evijas Sku\u0137es, P\u0113tera Plaki\u017ea un Jana Sandstr\u0113ma latvie\u0161u tautasdziesmu apdares no korim \u201cKam\u0113r\u2026\u201d velt\u012btaj\u0101m \u201cDzintara dziesm\u0101m\u201d, kuras diri\u0123\u0113s J\u0101nis Almanis-Palmbahs un Laura Ozoli\u0146a.<\/div>\n<div class=\"x14z9mp xat24cr x1lziwak x1vvkbs xtlvy1s\"><br class=\"html-br\" \/>Tostarp tiks izpild\u012bti ar\u012b Georga Pel\u0113\u010da, Artura Maskata, Svena D\u0101vida Sandstr\u0113ma un Henrika Gurecka ska\u0146darbi, kurus diri\u0123\u0113s Kamila Sili\u0146a un Kristaps Solovjovs.<\/div>\n<div><\/div>\n<div class=\"x14z9mp xat24cr x1lziwak x1vvkbs xtlvy1s\">R\u012bgas kamerkoris \u201cAve Sol\u201d t\u0101 dibin\u0101t\u0101ja Imanta Kokara laik\u0101 bija fenomens, k\u0101ds Latvij\u0101 l\u012bdz tam nebija pieredz\u0113ts. Kokars nebaid\u012bj\u0101s eksperiment\u0113t un mekl\u0113t jaunas kr\u0101sas, iev\u0113rojami papla\u0161inot gan kordzied\u0101\u0161anas tehnisk\u0101s iesp\u0113jas, gan repertu\u0101ru. Sadarbojoties ar spilgt\u0101kajiem 20. gadsimta latvie\u0161u komponistiem, tika rad\u012bti neskait\u0101mi kora opusi, kurus paz\u012bstam ar\u012b \u0161odien. T\u0101 bija \u012bsta laboratorija \u2014 koris un komponisti sadarboj\u0101s pat tikt\u0101l, ka ska\u0146darbi tapa m\u0113\u0123in\u0101jumu laik\u0101, un Imantu Kokaru var d\u0113v\u0113t par to l\u012bdzautoru. \u0160odien \u0161\u012b trad\u012bcija dz\u012bvo t\u0101l\u0101k jaunaj\u0101s paaudz\u0113s, caur jaunajiem, talant\u012bgajiem diri\u0123entiem un komponistiem, kuri drosm\u012bgi mekl\u0113, eksperiment\u0113 un \u013cauj kora trad\u012bcijai dz\u012bvot jaun\u0101 skan\u0113jum\u0101. R\u012bgas kamerkoris \u201cAve Sol\u201d joproj\u0101m ir telpa, kur jaunrade, drosme un talants turpina veikt jaunus eksperimentus kora laboratorij\u0101.<\/div>\n<div><\/div>\n<div class=\"x14z9mp xat24cr x1lziwak x1vvkbs xtlvy1s\">Piedz\u012bvo koncertu, kur\u0101 trad\u012bcijas satiekas ar jaunradi un kompoz\u012bcija ar jaunu interpret\u0101ciju!<\/div>\n<div class=\"x14z9mp xat24cr x1lziwak x1vvkbs xtlvy1s\">Bi\u013cetes b\u016bs iesp\u0113jams ieg\u0101d\u0101ties ar\u012b koncerta norises viet\u0101 26. febru\u0101r\u012b no plkst. 18.00. Nor\u0113\u0137ini tikai skaidr\u0101 naud\u0101!<\/div>\n","protected":false},"excerpt":{"rendered":"<p>26. febru\u0101r\u012b plkst. 19.00 koncertz\u0101l\u0113 \u201cAve Sol\u201d izskan\u0113s jaun\u0101kais koncertcikla \u201cKora laboratorija\u201d koncerts, kur\u0101 pie profesion\u0101l\u0101 R\u012bgas kamerkora \u201cAve Sol\u201d diri\u0123enta pults jau atkal st\u0101sies jaunie talanti \u2013 J\u0101zepa V\u012btola [&hellip;]<\/p>\n","protected":false},"author":1,"featured_media":2428,"template":"","meta":{"_tribe_events_status":"","_tribe_events_status_reason":"","footnotes":""},"tags":[],"tribe_events_cat":[],"class_list":["post-2446","tribe_events","type-tribe_events","status-publish","has-post-thumbnail","hentry"],"_links":{"self":[{"href":"https:\/\/andreastheobald.com\/en\/wp-json\/wp\/v2\/tribe_events\/2446","targetHints":{"allow":["GET"]}}],"collection":[{"href":"https:\/\/andreastheobald.com\/en\/wp-json\/wp\/v2\/tribe_events"}],"about":[{"href":"https:\/\/andreastheobald.com\/en\/wp-json\/wp\/v2\/types\/tribe_events"}],"author":[{"embeddable":true,"href":"https:\/\/andreastheobald.com\/en\/wp-json\/wp\/v2\/users\/1"}],"version-history":[{"count":1,"href":"https:\/\/andreastheobald.com\/en\/wp-json\/wp\/v2\/tribe_events\/2446\/revisions"}],"predecessor-version":[{"id":2447,"href":"https:\/\/andreastheobald.com\/en\/wp-json\/wp\/v2\/tribe_events\/2446\/revisions\/2447"}],"wp:featuredmedia":[{"embeddable":true,"href":"https:\/\/andreastheobald.com\/en\/wp-json\/wp\/v2\/media\/2428"}],"wp:attachment":[{"href":"https:\/\/andreastheobald.com\/en\/wp-json\/wp\/v2\/media?parent=2446"}],"wp:term":[{"taxonomy":"post_tag","embeddable":true,"href":"https:\/\/andreastheobald.com\/en\/wp-json\/wp\/v2\/tags?post=2446"},{"taxonomy":"tribe_events_cat","embeddable":true,"href":"https:\/\/andreastheobald.com\/en\/wp-json\/wp\/v2\/tribe_events_cat?post=2446"}],"curies":[{"name":"wp","href":"https:\/\/api.w.org\/{rel}","templated":true}]}}