{"id":2420,"date":"2025-08-23T12:20:02","date_gmt":"2025-08-23T10:20:02","guid":{"rendered":"http:\/\/andreastheobald.com\/?post_type=tribe_events&#038;p=2420"},"modified":"2025-08-23T12:20:02","modified_gmt":"2025-08-23T10:20:02","slug":"misa-tango-reformationsfeier-trinitatiskirche-koeln","status":"publish","type":"tribe_events","link":"https:\/\/andreastheobald.com\/en\/tribe_events\/misa-tango-reformationsfeier-trinitatiskirche-koeln","title":{"rendered":"Misa Tango - Reformationsfeier Trinitatiskirche K\u00f6ln"},"content":{"rendered":"<p>Das Niz\u00e4nische Glaubensbekenntnis: Christentum \u2013<span class=\"Apple-converted-space\">\u00a0<\/span>Glaube und Denken \u2013 Orthodoxe Kirche<span class=\"Apple-converted-space\">\u00a0<\/span><\/p>\n<p>Die Reformationsfeier widmet sich dem Niz\u00e4nischen Glaubensbekenntnis, welches 2025 seinen 1700. Geburtstag feiert. Im Jahr 325 lud der christenfreundliche Kaiser Konstantin zahlreiche Bisch\u00f6fe zum 1. \u00d6kumenischen Konzil nach Nic\u00e4a ein, auf dem die Frage nach der Gottheit Christi gekl\u00e4rt werden sollte. Das Niz\u00e4num ist von zentraler Bedeutung f\u00fcr das Christentum und wird von vielen Konfessionen in Gottesdiensten verwendet.<span class=\"Apple-converted-space\">\u00a0<\/span><\/p>\n<p>&nbsp;<\/p>\n<p><strong>Erzpriester Radu Constantin Miron <\/strong><em>Predigt <\/em>| <strong>Kerstin Herrenbr\u00fcck<\/strong><strong>\u00a0<\/strong><em>Liturgie <\/em>| <strong>Kantorei und der Kammerchor der Ev. Kirchengemeinde Volberg-Forsbach-R\u00f6srath <\/strong>| <strong>Kantorin Katharina Wulzinger <\/strong><em>musikalische Gestaltung <\/em>| <strong>Martin Palmeri <\/strong><em>Komposition<span class=\"Apple-converted-space\">\u00a0<\/span><\/em><\/p>\n<p><strong>Kerstin Herrenbr\u00fcck\u00a0<\/strong>ist Pfarrerin in K\u00f6ln-H\u00f6henhaus und Superintendentin des Ev. Kirchenkreises K\u00f6ln-Rechtsrheinisch<span class=\"Apple-converted-space\">\u00a0<\/span><\/p>\n<p><strong>Martin Palmeri <\/strong>ist ein argentinischer Komponist und Dirigent.<span class=\"Apple-converted-space\">\u00a0<\/span><\/p>\n<p>Die <strong>Kantorei und der Kammerchor der Ev. Kirchengemeinde<span class=\"Apple-converted-space\">\u00a0<\/span><\/strong><strong>Volberg-Forsbach-R\u00f6srath <\/strong>unter der Leitung von <strong>Katharina<span class=\"Apple-converted-space\">\u00a0<\/span><\/strong><strong>Wulzinger <\/strong>hat knapp 50 Mitglieder und als Schwerpunkt die<span class=\"Apple-converted-space\">\u00a0<\/span>klassische Kirchenmusik.<span class=\"Apple-converted-space\">\u00a0<\/span><\/p>\n<p><strong>Erzpriester Radu Constantin Miron <\/strong>von der Griechisch-<span class=\"Apple-converted-space\">\u00a0<\/span>Orthodoxen Kirche ist seit 2019 Vorsitzender der ACK in<span class=\"Apple-converted-space\">\u00a0\u00a0<\/span>Deutschland.<span class=\"Apple-converted-space\">\u00a0<\/span><\/p>\n","protected":false},"excerpt":{"rendered":"<p>Das Niz\u00e4nische Glaubensbekenntnis: Christentum \u2013\u00a0Glaube und Denken \u2013 Orthodoxe Kirche\u00a0 Die Reformationsfeier widmet sich dem Niz\u00e4nischen Glaubensbekenntnis, welches 2025 seinen 1700. Geburtstag feiert. Im Jahr 325 lud der christenfreundliche Kaiser [&hellip;]<\/p>\n","protected":false},"author":1,"featured_media":0,"template":"","meta":{"_tribe_events_status":"","_tribe_events_status_reason":"","footnotes":""},"tags":[],"tribe_events_cat":[],"class_list":["post-2420","tribe_events","type-tribe_events","status-publish","hentry"],"_links":{"self":[{"href":"https:\/\/andreastheobald.com\/en\/wp-json\/wp\/v2\/tribe_events\/2420","targetHints":{"allow":["GET"]}}],"collection":[{"href":"https:\/\/andreastheobald.com\/en\/wp-json\/wp\/v2\/tribe_events"}],"about":[{"href":"https:\/\/andreastheobald.com\/en\/wp-json\/wp\/v2\/types\/tribe_events"}],"author":[{"embeddable":true,"href":"https:\/\/andreastheobald.com\/en\/wp-json\/wp\/v2\/users\/1"}],"version-history":[{"count":2,"href":"https:\/\/andreastheobald.com\/en\/wp-json\/wp\/v2\/tribe_events\/2420\/revisions"}],"predecessor-version":[{"id":2423,"href":"https:\/\/andreastheobald.com\/en\/wp-json\/wp\/v2\/tribe_events\/2420\/revisions\/2423"}],"wp:attachment":[{"href":"https:\/\/andreastheobald.com\/en\/wp-json\/wp\/v2\/media?parent=2420"}],"wp:term":[{"taxonomy":"post_tag","embeddable":true,"href":"https:\/\/andreastheobald.com\/en\/wp-json\/wp\/v2\/tags?post=2420"},{"taxonomy":"tribe_events_cat","embeddable":true,"href":"https:\/\/andreastheobald.com\/en\/wp-json\/wp\/v2\/tribe_events_cat?post=2420"}],"curies":[{"name":"wp","href":"https:\/\/api.w.org\/{rel}","templated":true}]}}