{"id":2368,"date":"2025-05-06T19:11:10","date_gmt":"2025-05-06T17:11:10","guid":{"rendered":"https:\/\/andreastheobald.com\/?post_type=tribe_events&#038;p=2368"},"modified":"2025-05-06T19:17:08","modified_gmt":"2025-05-06T17:17:08","slug":"koncerts-kora-laboratorija-%e2%88%9e-rigas-kamerkora-ave-sol","status":"publish","type":"tribe_events","link":"https:\/\/andreastheobald.com\/en\/tribe_events\/koncerts-kora-laboratorija-%e2%88%9e-rigas-kamerkora-ave-sol","title":{"rendered":"Koncerts \u201cKora laboratorija. \u221e\u201d - R\u012bgas kamerkora \u201cAve Sol\u201d"},"content":{"rendered":"<p>27. maij\u0101 plkst. 19.00 koncertz\u0101l\u0113 \u201cAve Sol\u201d izskan\u0113s jaun\u0101kais koncertcikla \u201cKora laboratorija\u201d koncerts \u2013 \u201cKora laboratorija. \u221e\u201d, kur\u0101 pie profesion\u0101l\u0101 R\u012bgas kamerkora \u201cAve Sol\u201d diri\u0123enta pults st\u0101sies jaunie talanti \u2013 J\u0101zepa V\u012btola Latvijas m\u016bzikas akad\u0113mijas (JVLMA) studenti.<\/p>\n<p>Asto\u0146i jaunie un talant\u012bgie diri\u0123enti \u2013 iejut\u012bsies meistaru lom\u0101, vadot R\u012bgas kamerkori \u201cAve Sol\u201d &#8211; J\u0101nis Almanis-Palmbahs, J\u0113kabs Bern\u0101ts, Mat\u012bss P\u0113teris Circenis, Simons Gr\u0113bers (Simon Graeber), Alma Kalni\u0146a, Anastasija Kildi\u0161a, Mariss Daniels \u0136irsis un Kamila Sili\u0146a. \u010cetri no vi\u0146iem interpret\u0113s maz\u0101k zin\u0101mas latvie\u0161u laikmet\u012bg\u0101s korm\u016bzikas p\u0113rles, bet p\u0101r\u0113jie \u010detri ir rad\u012bju\u0161i jaundarbus, kas \u0161aj\u0101 vakar\u0101 piedz\u012bvos savus pirmatska\u0146ojumus.<\/p>\n<p>Jaundarbus \u012bpa\u0161i \u0161im koncertam raksta J\u0113kabs Bern\u0101ts, Alma Kalni\u0146a, Mariss Daniels \u0136irsis un J\u0101zepa V\u012btola Latvijas m\u016bzikas akad\u0113mijas Erasmus+ students Andreass Johanness Teobalds (Andreas Johannes Theobald) no \u0136elnes V\u0101cij\u0101. Vi\u0146a ska\u0146darbu diri\u0123\u0113s v\u0113l viens Erasmus+ programmas students Simons Gr\u0113bers (V\u0101cija), savuk\u0101rt p\u0101r\u0113jie komponisti savus darbus diri\u0123\u0113s pa\u0161i, radot unik\u0101lu pieredzi \u2013 komponists, diri\u0123ents un koris k\u0101 vienota laboratorija, kur\u0101 top jauna m\u016bzika.<\/p>\n<p>Blakus jaundarbiem skan\u0113s ar\u012b Paula Dambja, Maijas Einfeldes, Artura Maskata, P\u0113tera Plaki\u017ea un T\u0101lival\u017ea \u0136eni\u0146a darbi, ko diri\u0123\u0113s J\u0101nis Almanis-Palmbahs, Mat\u012bss P\u0113teris Circenis, Anastasija Kildi\u0161a un Kamila Sili\u0146a.<\/p>\n<p>R\u012bgas kamerkoris \u201cAve Sol\u201d t\u0101 dibin\u0101t\u0101ja Imanta Kokara laik\u0101 bija fenomens, k\u0101ds Latvij\u0101 v\u0113l nebija pieredz\u0113ts. Kokars nebaid\u012bj\u0101s eksperiment\u0113t un mekl\u0113t jaunas kr\u0101sas, iev\u0113rojami papla\u0161inot gan paz\u012bstam\u0101s kordzied\u0101\u0161anas tehnisk\u0101s iesp\u0113jas, gan darbu sarakstu. Sadarbojoties ar spilgt\u0101kajiem 20. gadsimta latvie\u0161u komponistiem, kop\u012bgi tika rad\u012bti neskait\u0101mi kora opusi, kurus paz\u012bstam ar\u012b \u0161odien. T\u0101 bija \u012bsta laboratorija \u2013 koris un komponisti sadarboj\u0101s pat tikt\u0101l, ka ska\u0146darbi tapa m\u0113\u0123in\u0101jumu laik\u0101, un Imantu Kokaru var d\u0113v\u0113t par to l\u012bdzautoru.<\/p>\n<p>Turpretim 21. gadsimt\u0101 R\u012bgas kamerkora \u201cAve Sol\u201d laboratorija ir sadarb\u012bbas siner\u0123ija starp topo\u0161o diri\u0123entu, topo\u0161o komponistu un profesion\u0101lo dzied\u0101t\u0101ju trijst\u016bri, kop\u012bgi mekl\u0113jot un atrodot jaunas kora skanisk\u0101s iesp\u0113jas, kuru rezult\u0101ts b\u016bs klaus\u0101ms \u0161aj\u0101 koncert\u0101. Asto\u0146u jauno diri\u0123entu un komponistu programm\u0101 t\u0101s b\u016bs gan maz\u0101k zin\u0101mas latvie\u0161u korm\u016bzikas lappuses laikmet\u012bg\u0101 skan\u0113jum\u0101, gan R\u012bgas kamerkora \u201cAve Sol\u201d skaniskais nospiedums latvie\u0161u korm\u016bzikas lauk\u0101, gan, protams, \u010detri \u012bpa\u0161i \u0161im koncertam rad\u012btie un R\u012bgas kamerkorim \u201cAve Sol\u201d velt\u012btie jaundarbi.<\/p>\n<p>Piedz\u012bvo koncertu, kur\u0101 trad\u012bcijas satiekas ar jaunradi, diri\u0123enti k\u013c\u016bst par komponistiem, un klaus\u012bt\u0101ji \u2013 par lieciniekiem korm\u016bzikas n\u0101kotnei!<\/p>\n<p><a href=\"https:\/\/www.bilesuparadize.lv\/lv\/event\/151771\" target=\"_blank\" rel=\"noopener\">Tickets: bilesuparadize.lv<\/a><\/p>\n<p>&nbsp;<\/p>\n","protected":false},"excerpt":{"rendered":"<p>27. maij\u0101 plkst. 19.00 koncertz\u0101l\u0113 \u201cAve Sol\u201d izskan\u0113s jaun\u0101kais koncertcikla \u201cKora laboratorija\u201d koncerts \u2013 \u201cKora laboratorija. \u221e\u201d, kur\u0101 pie profesion\u0101l\u0101 R\u012bgas kamerkora \u201cAve Sol\u201d diri\u0123enta pults st\u0101sies jaunie talanti \u2013 [&hellip;]<\/p>\n","protected":false},"author":1,"featured_media":2372,"template":"","meta":{"_tribe_events_status":"","_tribe_events_status_reason":"","footnotes":""},"tags":[],"tribe_events_cat":[],"class_list":["post-2368","tribe_events","type-tribe_events","status-publish","has-post-thumbnail","hentry"],"_links":{"self":[{"href":"https:\/\/andreastheobald.com\/en\/wp-json\/wp\/v2\/tribe_events\/2368","targetHints":{"allow":["GET"]}}],"collection":[{"href":"https:\/\/andreastheobald.com\/en\/wp-json\/wp\/v2\/tribe_events"}],"about":[{"href":"https:\/\/andreastheobald.com\/en\/wp-json\/wp\/v2\/types\/tribe_events"}],"author":[{"embeddable":true,"href":"https:\/\/andreastheobald.com\/en\/wp-json\/wp\/v2\/users\/1"}],"version-history":[{"count":3,"href":"https:\/\/andreastheobald.com\/en\/wp-json\/wp\/v2\/tribe_events\/2368\/revisions"}],"predecessor-version":[{"id":2371,"href":"https:\/\/andreastheobald.com\/en\/wp-json\/wp\/v2\/tribe_events\/2368\/revisions\/2371"}],"wp:featuredmedia":[{"embeddable":true,"href":"https:\/\/andreastheobald.com\/en\/wp-json\/wp\/v2\/media\/2372"}],"wp:attachment":[{"href":"https:\/\/andreastheobald.com\/en\/wp-json\/wp\/v2\/media?parent=2368"}],"wp:term":[{"taxonomy":"post_tag","embeddable":true,"href":"https:\/\/andreastheobald.com\/en\/wp-json\/wp\/v2\/tags?post=2368"},{"taxonomy":"tribe_events_cat","embeddable":true,"href":"https:\/\/andreastheobald.com\/en\/wp-json\/wp\/v2\/tribe_events_cat?post=2368"}],"curies":[{"name":"wp","href":"https:\/\/api.w.org\/{rel}","templated":true}]}}