{"id":1559,"date":"2022-06-29T15:43:31","date_gmt":"2022-06-29T13:43:31","guid":{"rendered":"http:\/\/andreastheobald.com\/?post_type=tribe_events&#038;p=1559"},"modified":"2022-07-20T14:34:21","modified_gmt":"2022-07-20T12:34:21","slug":"1559","status":"publish","type":"tribe_events","link":"https:\/\/andreastheobald.com\/en\/tribe_events\/1559","title":{"rendered":"Andreas Theobald Trio \"Movimiento\" - Theaterfest Bonn"},"content":{"rendered":"<p>Mit dem Trio zu Gast beim Bonner Theaterfest zu sein, ist f\u00fcr mich ein besonderes Gef\u00fchl. Als Jugendlicher habe ich dort lange im Chor gesungen und meine ersten B\u00fchnenerfahrungen gesammelt. Wir haben die Ehre die neue Theaterbar auf der R\u00fcckseite des Opernhauses zu er\u00f6ffnen und werden Nachmittags und Abends jeweils ein Set spielen.<\/p>\n<p class=\"\">\u201eEr ist ein Freund des kultivierten Wohlklangs, irgendwie ein moderner Romantiker\u201c, so beschreibt HR-Journalistin Karmen Mikovic das Deb\u00fct Album des Pianisten Andreas Theobald. So funktioniert der Titel \u201eMovimiento\u201c als Teekesselchen und spielt sowohl auf die lateinamerikanischen Einfl\u00fcsse, als auch auf die sinfonische Anlage seiner Musik an. Die bestechende Kompositionsarbeit des geb\u00fcrtigen Bonner wurde k\u00fcrzlich erst beim internationalen Kompositionswettbewerb \u201eMusica Sacra Nova 2021\u201c in der Abtei Brauweiler ausgezeichnet.<\/p>\n<p class=\"\">Mit Calvin Lennig am Kontrabass und Lukas Schwegmann an den Drums komplettieren zwei alte Weggef\u00e4hrten das Trio. Alle drei verbindet eine Leidenschaft f\u00fcr das gestalterische Detail und lyrische Improvisationen. In ihrer gemeinsamen Zeit im Jugendjazzorchester Nordrhein-Westfalen konnten die Mitglieder der Band in gemeinsamen Aufenthalten u.a. in Paraguay und Argentinien ihr Gesp\u00fcr f\u00fcr die Musik des s\u00fcdamerikanischen Kontinents weiter verfeinern. Das Album \u201eMovimiento\u201c ist bei Toy Piano Records erschienen und auf allen \u00fcblichen Plattformen sowie im Rahmen des Konzertes als CD erh\u00e4ltlich.<\/p>\n<p>&nbsp;<\/p>\n<p>Andreas Theobald \u2013 Piano<br \/>\nCalvin Lennig \u2013 Kontrabass<br \/>\nLukas Schwegmann \u2013 Schlagzeug<\/p>\n<p>&nbsp;<\/p>\n<p><a href=\"https:\/\/www.theater-bonn.de\" target=\"_blank\" rel=\"noopener\">Theater Bonn<\/a><\/p>\n<p><a href=\"http:\/\/andreastheobald.com\">Hier geht&#8217;s zur\u00fcck zur Startseite<\/a><\/p>\n","protected":false},"excerpt":{"rendered":"<p>Mit dem Trio zu Gast beim Bonner Theaterfest zu sein, ist f\u00fcr mich ein besonderes Gef\u00fchl. Als Jugendlicher habe ich dort lange im Chor gesungen und meine ersten B\u00fchnenerfahrungen gesammelt. [&hellip;]<\/p>\n","protected":false},"author":1,"featured_media":1415,"template":"","meta":{"_tribe_events_status":"","_tribe_events_status_reason":"","footnotes":""},"tags":[],"tribe_events_cat":[],"class_list":["post-1559","tribe_events","type-tribe_events","status-publish","has-post-thumbnail","hentry"],"_links":{"self":[{"href":"https:\/\/andreastheobald.com\/en\/wp-json\/wp\/v2\/tribe_events\/1559","targetHints":{"allow":["GET"]}}],"collection":[{"href":"https:\/\/andreastheobald.com\/en\/wp-json\/wp\/v2\/tribe_events"}],"about":[{"href":"https:\/\/andreastheobald.com\/en\/wp-json\/wp\/v2\/types\/tribe_events"}],"author":[{"embeddable":true,"href":"https:\/\/andreastheobald.com\/en\/wp-json\/wp\/v2\/users\/1"}],"version-history":[{"count":3,"href":"https:\/\/andreastheobald.com\/en\/wp-json\/wp\/v2\/tribe_events\/1559\/revisions"}],"predecessor-version":[{"id":1611,"href":"https:\/\/andreastheobald.com\/en\/wp-json\/wp\/v2\/tribe_events\/1559\/revisions\/1611"}],"wp:featuredmedia":[{"embeddable":true,"href":"https:\/\/andreastheobald.com\/en\/wp-json\/wp\/v2\/media\/1415"}],"wp:attachment":[{"href":"https:\/\/andreastheobald.com\/en\/wp-json\/wp\/v2\/media?parent=1559"}],"wp:term":[{"taxonomy":"post_tag","embeddable":true,"href":"https:\/\/andreastheobald.com\/en\/wp-json\/wp\/v2\/tags?post=1559"},{"taxonomy":"tribe_events_cat","embeddable":true,"href":"https:\/\/andreastheobald.com\/en\/wp-json\/wp\/v2\/tribe_events_cat?post=1559"}],"curies":[{"name":"wp","href":"https:\/\/api.w.org\/{rel}","templated":true}]}}