{"id":1445,"date":"2021-12-26T20:33:55","date_gmt":"2021-12-26T19:33:55","guid":{"rendered":"https:\/\/andreastheobald.com\/?post_type=tribe_events&#038;p=1445"},"modified":"2021-12-26T20:33:55","modified_gmt":"2021-12-26T19:33:55","slug":"deutschlandfunk-mitschnitte-musica-sacra-nova","status":"publish","type":"tribe_events","link":"https:\/\/andreastheobald.com\/en\/tribe_events\/deutschlandfunk-mitschnitte-musica-sacra-nova","title":{"rendered":"Deutschlandfunk - \u00dcbertragung \"Musica Sacra Nova\""},"content":{"rendered":"<div class=\"grid-col is-small-6 is-large-7 schedule-item-title\">\n<h3 class=\"schedule-item-heading-title\">Musik-Panorama<\/h3>\n<\/div>\n<div class=\"grid-col is-small-6 schedule-item-audio\">Klangraum Europa<\/div>\n<div class=\"grid-col is-small-12 is-large-7 has-offset-large-5\">\n<div class=\"schedule-item-description-wrapper\">\n<p class=\"schedule-item-description\">\n\u201eMusica Sacra Nova\u201c<br \/>\nPreistr\u00e4ger der Wettbewerbsjahrg\u00e4nge 2021 und 2020<br \/>\nKompositionen von Jan Szopa, Dominik Puk, <strong>Andreas Theobald<\/strong>, Paolo Orlandi, Steven Heelein<\/p>\n<p>Polnischer Kammerchor<br \/>\nMichael Utz, Orgel<br \/>\nLeitung: Jan \u0141ukaszewski<\/p>\n<p>Coro Ricercare Lissabon<br \/>\nLeitung: Pedro Teixeira<\/p>\n<p>Aufnahme vom 2. und 4.9.2021 aus der Klosterkirche der Abtei Brauweiler<\/p>\n<p>Am Mikrofon: Klaus Gehrke<\/p>\n<p class=\"schedule-item-description\">Seit Jahren veranstaltet die nahe K\u00f6ln gelegene romanische Klosterkirche der Abtei Brauweiler das Preistr\u00e4gerkonzert \u201eMusica sacra nova\u201c f\u00fcr neue geistliche Vokalmusik. Der vom Erzbistum K\u00f6ln mitveranstaltete gleichnamige Wettbewerb genie\u00dft internationale Beachtung, was auch die vielen Einsendungen von Kompositionen aus vielen L\u00e4ndern Europas belegen. \u201eMusica Sacra Nova\u201c wendet sich nicht an Avantgarde-Spezialisten, vielmehr werden zeitgen\u00f6ssische Werke pr\u00e4miert, die das geistliche Laienchor-Singen st\u00e4rken. Aufgrund der Corona-Pandemie musste das Preistr\u00e4gerkonzert im vergangenen Jahr ausfallen \u2013 es wurde in diesem Jahr zusammen mit dem aktuellen Jahrgang im September nachgeholt. Sowohl der Polnische Kammerchor als auch der Coro Ricercare Lissabon pr\u00e4sentierten in Brauweiler ein eindrucksvolles Programm.<\/p>\n<\/div>\n<div class=\"schedule-item-list-broadcasts\"><\/div>\n<\/div>\n","protected":false},"excerpt":{"rendered":"<p>Musik-Panorama Klangraum Europa \u201eMusica Sacra Nova\u201c Preistr\u00e4ger der Wettbewerbsjahrg\u00e4nge 2021 und 2020 Kompositionen von Jan Szopa, Dominik Puk, Andreas Theobald, Paolo Orlandi, Steven Heelein Polnischer Kammerchor Michael Utz, Orgel Leitung: [&hellip;]<\/p>\n","protected":false},"author":1,"featured_media":1249,"template":"","meta":{"_tribe_events_status":"","_tribe_events_status_reason":"","footnotes":""},"tags":[],"tribe_events_cat":[],"class_list":["post-1445","tribe_events","type-tribe_events","status-publish","has-post-thumbnail","hentry"],"_links":{"self":[{"href":"https:\/\/andreastheobald.com\/en\/wp-json\/wp\/v2\/tribe_events\/1445","targetHints":{"allow":["GET"]}}],"collection":[{"href":"https:\/\/andreastheobald.com\/en\/wp-json\/wp\/v2\/tribe_events"}],"about":[{"href":"https:\/\/andreastheobald.com\/en\/wp-json\/wp\/v2\/types\/tribe_events"}],"author":[{"embeddable":true,"href":"https:\/\/andreastheobald.com\/en\/wp-json\/wp\/v2\/users\/1"}],"version-history":[{"count":1,"href":"https:\/\/andreastheobald.com\/en\/wp-json\/wp\/v2\/tribe_events\/1445\/revisions"}],"predecessor-version":[{"id":1446,"href":"https:\/\/andreastheobald.com\/en\/wp-json\/wp\/v2\/tribe_events\/1445\/revisions\/1446"}],"wp:featuredmedia":[{"embeddable":true,"href":"https:\/\/andreastheobald.com\/en\/wp-json\/wp\/v2\/media\/1249"}],"wp:attachment":[{"href":"https:\/\/andreastheobald.com\/en\/wp-json\/wp\/v2\/media?parent=1445"}],"wp:term":[{"taxonomy":"post_tag","embeddable":true,"href":"https:\/\/andreastheobald.com\/en\/wp-json\/wp\/v2\/tags?post=1445"},{"taxonomy":"tribe_events_cat","embeddable":true,"href":"https:\/\/andreastheobald.com\/en\/wp-json\/wp\/v2\/tribe_events_cat?post=1445"}],"curies":[{"name":"wp","href":"https:\/\/api.w.org\/{rel}","templated":true}]}}