{"id":1248,"date":"2021-07-19T20:59:32","date_gmt":"2021-07-19T18:59:32","guid":{"rendered":"http:\/\/andreastheobald.com\/?post_type=tribe_events&#038;p=1248"},"modified":"2021-07-19T21:01:15","modified_gmt":"2021-07-19T19:01:15","slug":"preistraegerkonzert-musica-sacra-nova-2021","status":"publish","type":"tribe_events","link":"https:\/\/andreastheobald.com\/en\/tribe_events\/preistraegerkonzert-musica-sacra-nova-2021","title":{"rendered":"\"Preistr\u00e4gerkonzert Musica Sacra Nova 2021\" - Abtei Brauweiler"},"content":{"rendered":"<p>Bei dem Preistr\u00e4gerkonzert des Musica Sacra Nova Wettbewerbs wird meine pr\u00e4mierte Komposition uraufgef\u00fchrt. Ausnahmsweise werde ich bei diesem Konzert nicht selbst musizieren, denn es singt der renommierte Polnischen Kammerchor unter Leitung von Prof. Dr. Jan \u0141ukaszewski und wird von Michael Utz an der Orgel begleitet. Das Konzert wird vom Deutschlandfunk aufgezeichnet.<\/p>\n<p>Das Europ\u00e4ische Festival f\u00fcr zeitgen\u00f6ssische geistliche Musik wurde 2014 ins Leben gerufen und konnte sich rasch etablieren. H\u00f6hepunkt des Festivals ist die Urauff\u00fchrung\u00a0 der Preistr\u00e4gerwerke des internationalen Kompositionswettbewerbes. Organisatoren sind das Erzbistum K\u00f6ln, der Freundeskreis Abtei Brauweiler sowie der Gaude Mater Freundesverein und das Musica Sacra Institut in Polen. 2021 findet der Kompositionswettbewerb erstmals unter der Schirmherrschaft des P\u00e4pstlichen Kulturrats statt.<\/p>\n<p>&nbsp;<\/p>\n<p><a href=\"http:\/\/andreastheobald.com\/\">Hier geht\u2019s zur\u00fcck zur Startseite<\/a><\/p>\n<p>&nbsp;<\/p>\n","protected":false},"excerpt":{"rendered":"<p>Bei dem Preistr\u00e4gerkonzert des Musica Sacra Nova Wettbewerbs wird meine pr\u00e4mierte Komposition uraufgef\u00fchrt. Ausnahmsweise werde ich bei diesem Konzert nicht selbst musizieren, denn es singt der renommierte Polnischen Kammerchor unter [&hellip;]<\/p>\n","protected":false},"author":1,"featured_media":1249,"template":"","meta":{"_tribe_events_status":"","_tribe_events_status_reason":"","footnotes":""},"tags":[],"tribe_events_cat":[],"class_list":["post-1248","tribe_events","type-tribe_events","status-publish","has-post-thumbnail","hentry"],"_links":{"self":[{"href":"https:\/\/andreastheobald.com\/en\/wp-json\/wp\/v2\/tribe_events\/1248","targetHints":{"allow":["GET"]}}],"collection":[{"href":"https:\/\/andreastheobald.com\/en\/wp-json\/wp\/v2\/tribe_events"}],"about":[{"href":"https:\/\/andreastheobald.com\/en\/wp-json\/wp\/v2\/types\/tribe_events"}],"author":[{"embeddable":true,"href":"https:\/\/andreastheobald.com\/en\/wp-json\/wp\/v2\/users\/1"}],"version-history":[{"count":1,"href":"https:\/\/andreastheobald.com\/en\/wp-json\/wp\/v2\/tribe_events\/1248\/revisions"}],"predecessor-version":[{"id":1250,"href":"https:\/\/andreastheobald.com\/en\/wp-json\/wp\/v2\/tribe_events\/1248\/revisions\/1250"}],"wp:featuredmedia":[{"embeddable":true,"href":"https:\/\/andreastheobald.com\/en\/wp-json\/wp\/v2\/media\/1249"}],"wp:attachment":[{"href":"https:\/\/andreastheobald.com\/en\/wp-json\/wp\/v2\/media?parent=1248"}],"wp:term":[{"taxonomy":"post_tag","embeddable":true,"href":"https:\/\/andreastheobald.com\/en\/wp-json\/wp\/v2\/tags?post=1248"},{"taxonomy":"tribe_events_cat","embeddable":true,"href":"https:\/\/andreastheobald.com\/en\/wp-json\/wp\/v2\/tribe_events_cat?post=1248"}],"curies":[{"name":"wp","href":"https:\/\/api.w.org\/{rel}","templated":true}]}}